{"id":8,"date":"2023-08-06T10:59:18","date_gmt":"2023-08-06T08:59:18","guid":{"rendered":"http:\/\/destek-bodensee.de\/?page_id=8"},"modified":"2025-08-01T22:43:00","modified_gmt":"2025-08-01T20:43:00","slug":"vertragliches","status":"publish","type":"page","link":"http:\/\/destek-bodensee.de\/?page_id=8","title":{"rendered":"Vertragliches"},"content":{"rendered":"\n<p>Bei einer k\u00fcnftigen Zusammenarbeit, regeln wir Vertragliches mittels eines kurzen Vertrages, in dem wir die von Ihnen gew\u00fcnschten Leistungen festhalten und auch die entsprechende Abrechnungsmodalit\u00e4t. Grunds\u00e4tzlich erfolgt die Abrechnung auf Stundenbasis, egal welche Bausteine Sie in Anspruch nehmen, selbstverst\u00e4ndlich ist aber auch ein Pauschalangebot m\u00f6glich.&nbsp;<\/p>\n\n\n\n<p>Wir haben die landesrechtliche Zulassung als &#8220;Angebot zur Unterst\u00fctzung im Alltag&#8221; nach \u00a745a SGB XI und <strong>k\u00f6nnen mit den Pflegekassen <\/strong>abrechnen.<\/p>\n\n\n\n<p><strong>STEUERVORTEIL<\/strong><\/p>\n\n\n\n<p>Auch ohne Pflegegrad k\u00f6nnen Sie die Leistungen mit 20% als haushaltsnahe Dienstleistungen von der Steuer absetzen.<\/p>\n\n\n\n<p><strong>ABRECHNUNG<\/strong><\/p>\n\n\n\n<ul class=\"wp-block-list\">\n<li>In einem Dienstleistungsvertrag halten wir die von Ihnen gew\u00fcnschten Leistungen in einem kostenlosen Kennenlerntermin fest. <\/li>\n\n\n\n<li><strong>Mindestens 1,5 Stunden<\/strong> sollten vereinbart werden.<\/li>\n\n\n\n<li>Die Abrechnung erfolgt <strong>pro 15 Minuten<\/strong>, die haushaltsnahen Dienstleistungen werden pauschal abgerechnet.<\/li>\n\n\n\n<li>Gerne nehmen wir auch kurze <strong>Fahrten <\/strong>zum Arzt, Einkaufen oder anderen Terminen mit Ihnen war. <\/li>\n\n\n\n<li>Sie entscheiden, wie oft und wann Sie mich brauchen.<\/li>\n\n\n\n<li>Ich stehe Ihnen einmalig oder regelm\u00e4\u00dfig zur Verf\u00fcgung.<\/li>\n<\/ul>\n\n\n\n<p class=\"has-text-align-center has-medium-font-size\"><strong>Wir finden gemeinsam eine passende L\u00f6sung f\u00fcr Ihren Bedarf! <\/strong><\/p>\n\n\n\n<p><em>Bei Ausf\u00e4llen meinerseits (Urlaub, Krankheit o.\u00e4.) informiere ich Sie selbstverst\u00e4ndlich rechtzeitig und habe eine vertrauensvolle Fachkraft als Vertretung, sofern Sie dies w\u00fcnschen. <\/em><\/p>\n\n\n\n<div style=\"height:15px\" aria-hidden=\"true\" class=\"wp-block-spacer\"><\/div>\n\n\n\n<div class=\"wp-block-buttons is-content-justification-left is-layout-flex wp-container-core-buttons-is-layout-fdcfc74e wp-block-buttons-is-layout-flex\">\n<div class=\"wp-block-button has-custom-width wp-block-button__width-25 is-style-fill\"><a class=\"wp-block-button__link has-black-color has-text-color has-background wp-element-button\" href=\"http:\/\/destek-bodensee.de\/?page_id=70\" style=\"border-radius:100px;background-color:#b2ac88\" target=\"_blank\" rel=\"noreferrer noopener\">Anfragen<\/a><\/div>\n<\/div>\n\n\n\n<div style=\"height:30px\" aria-hidden=\"true\" class=\"wp-block-spacer\"><\/div>\n","protected":false},"excerpt":{"rendered":"<p>Bei einer k\u00fcnftigen Zusammenarbeit, regeln wir Vertragliches mittels eines kurzen Vertrages, in dem wir die von Ihnen gew\u00fcnschten Leistungen festhalten und auch die entsprechende Abrechnungsmodalit\u00e4t. Grunds\u00e4tzlich erfolgt die Abrechnung auf &hellip; <\/p>\n","protected":false},"author":1,"featured_media":15,"parent":0,"menu_order":0,"comment_status":"closed","ping_status":"closed","template":"","meta":{"footnotes":""},"class_list":["post-8","page","type-page","status-publish","has-post-thumbnail","hentry"],"_links":{"self":[{"href":"http:\/\/destek-bodensee.de\/index.php?rest_route=\/wp\/v2\/pages\/8","targetHints":{"allow":["GET"]}}],"collection":[{"href":"http:\/\/destek-bodensee.de\/index.php?rest_route=\/wp\/v2\/pages"}],"about":[{"href":"http:\/\/destek-bodensee.de\/index.php?rest_route=\/wp\/v2\/types\/page"}],"author":[{"embeddable":true,"href":"http:\/\/destek-bodensee.de\/index.php?rest_route=\/wp\/v2\/users\/1"}],"replies":[{"embeddable":true,"href":"http:\/\/destek-bodensee.de\/index.php?rest_route=%2Fwp%2Fv2%2Fcomments&post=8"}],"version-history":[{"count":29,"href":"http:\/\/destek-bodensee.de\/index.php?rest_route=\/wp\/v2\/pages\/8\/revisions"}],"predecessor-version":[{"id":260,"href":"http:\/\/destek-bodensee.de\/index.php?rest_route=\/wp\/v2\/pages\/8\/revisions\/260"}],"wp:featuredmedia":[{"embeddable":true,"href":"http:\/\/destek-bodensee.de\/index.php?rest_route=\/wp\/v2\/media\/15"}],"wp:attachment":[{"href":"http:\/\/destek-bodensee.de\/index.php?rest_route=%2Fwp%2Fv2%2Fmedia&parent=8"}],"curies":[{"name":"wp","href":"https:\/\/api.w.org\/{rel}","templated":true}]}}